{"version":"1.0","provider_name":"CLAM - ES","provider_url":"https:\/\/clam.org.br\/es","author_name":"fw2","author_url":"https:\/\/clam.org.br\/es\/author\/fw2\/","title":"Instala\u00e7\u00e3o do Ponto de Cultura em G\u00eanero - CEDIM - CLAM - ES","type":"rich","width":600,"height":338,"html":"<blockquote class=\"wp-embedded-content\" data-secret=\"KcbdqHTaKr\"><a href=\"https:\/\/clam.org.br\/es\/agenda\/instalacao-do-ponto-de-cultura-em-genero-cedim\/33311\/\">Instala\u00e7\u00e3o do Ponto de Cultura em G\u00eanero &#8211; CEDIM<\/a><\/blockquote><iframe sandbox=\"allow-scripts\" security=\"restricted\" src=\"https:\/\/clam.org.br\/es\/agenda\/instalacao-do-ponto-de-cultura-em-genero-cedim\/33311\/embed\/#?secret=KcbdqHTaKr\" width=\"600\" height=\"338\" title=\"\u00abInstala\u00e7\u00e3o do Ponto de Cultura em G\u00eanero &#8211; CEDIM\u00bb \u2014 CLAM - ES\" data-secret=\"KcbdqHTaKr\" frameborder=\"0\" marginwidth=\"0\" marginheight=\"0\" scrolling=\"no\" class=\"wp-embedded-content\"><\/iframe><script>\n\/*! This file is auto-generated *\/\n!function(d,l){\"use strict\";l.querySelector&&d.addEventListener&&\"undefined\"!=typeof URL&&(d.wp=d.wp||{},d.wp.receiveEmbedMessage||(d.wp.receiveEmbedMessage=function(e){var t=e.data;if((t||t.secret||t.message||t.value)&&!\/[^a-zA-Z0-9]\/.test(t.secret)){for(var s,r,n,a=l.querySelectorAll('iframe[data-secret=\"'+t.secret+'\"]'),o=l.querySelectorAll('blockquote[data-secret=\"'+t.secret+'\"]'),c=new RegExp(\"^https?:$\",\"i\"),i=0;i<o.length;i++)o[i].style.display=\"none\";for(i=0;i<a.length;i++)s=a[i],e.source===s.contentWindow&&(s.removeAttribute(\"style\"),\"height\"===t.message?(1e3<(r=parseInt(t.value,10))?r=1e3:~~r<200&&(r=200),s.height=r):\"link\"===t.message&&(r=new URL(s.getAttribute(\"src\")),n=new URL(t.value),c.test(n.protocol))&&n.host===r.host&&l.activeElement===s&&(d.top.location.href=t.value))}},d.addEventListener(\"message\",d.wp.receiveEmbedMessage,!1),l.addEventListener(\"DOMContentLoaded\",function(){for(var e,t,s=l.querySelectorAll(\"iframe.wp-embedded-content\"),r=0;r<s.length;r++)(t=(e=s[r]).getAttribute(\"data-secret\"))||(t=Math.random().toString(36).substring(2,12),e.src+=\"#?secret=\"+t,e.setAttribute(\"data-secret\",t)),e.contentWindow.postMessage({message:\"ready\",secret:t},\"*\")},!1)))}(window,document);\n<\/script>\n","description":"O Ponto de Cultura em G\u00eanero do Conselho Estadual dos Direitos da Mulher do Rio de Janeiro ser\u00e1 instalado no dia 30 de mar\u00e7o de 2006, \u00e0s 16h30, na sede da institui\u00e7\u00e3o, que fica na Rua Camerino, 51, Centro.&nbsp;"}