{"version":"1.0","provider_name":"CLAM - ES","provider_url":"https:\/\/clam.org.br\/es","author_name":"fw2","author_url":"https:\/\/clam.org.br\/es\/author\/fw2\/","title":"Los homosexuales tambi\u00e9n van al colegio - CLAM - ES","type":"rich","width":600,"height":338,"html":"<blockquote class=\"wp-embedded-content\" data-secret=\"7UMFi0pTBq\"><a href=\"https:\/\/clam.org.br\/es\/en-los-medios\/los-homosexuales-tambien-van-al-colegio\/3074\/\">Los homosexuales tambi\u00e9n van al colegio<\/a><\/blockquote><iframe sandbox=\"allow-scripts\" security=\"restricted\" src=\"https:\/\/clam.org.br\/es\/en-los-medios\/los-homosexuales-tambien-van-al-colegio\/3074\/embed\/#?secret=7UMFi0pTBq\" width=\"600\" height=\"338\" title=\"\u00abLos homosexuales tambi\u00e9n van al colegio\u00bb \u2014 CLAM - ES\" data-secret=\"7UMFi0pTBq\" frameborder=\"0\" marginwidth=\"0\" marginheight=\"0\" scrolling=\"no\" class=\"wp-embedded-content\"><\/iframe><script>\n\/*! This file is auto-generated *\/\n!function(d,l){\"use strict\";l.querySelector&&d.addEventListener&&\"undefined\"!=typeof URL&&(d.wp=d.wp||{},d.wp.receiveEmbedMessage||(d.wp.receiveEmbedMessage=function(e){var t=e.data;if((t||t.secret||t.message||t.value)&&!\/[^a-zA-Z0-9]\/.test(t.secret)){for(var s,r,n,a=l.querySelectorAll('iframe[data-secret=\"'+t.secret+'\"]'),o=l.querySelectorAll('blockquote[data-secret=\"'+t.secret+'\"]'),c=new RegExp(\"^https?:$\",\"i\"),i=0;i<o.length;i++)o[i].style.display=\"none\";for(i=0;i<a.length;i++)s=a[i],e.source===s.contentWindow&&(s.removeAttribute(\"style\"),\"height\"===t.message?(1e3<(r=parseInt(t.value,10))?r=1e3:~~r<200&&(r=200),s.height=r):\"link\"===t.message&&(r=new URL(s.getAttribute(\"src\")),n=new URL(t.value),c.test(n.protocol))&&n.host===r.host&&l.activeElement===s&&(d.top.location.href=t.value))}},d.addEventListener(\"message\",d.wp.receiveEmbedMessage,!1),l.addEventListener(\"DOMContentLoaded\",function(){for(var e,t,s=l.querySelectorAll(\"iframe.wp-embedded-content\"),r=0;r<s.length;r++)(t=(e=s[r]).getAttribute(\"data-secret\"))||(t=Math.random().toString(36).substring(2,12),e.src+=\"#?secret=\"+t,e.setAttribute(\"data-secret\",t)),e.contentWindow.postMessage({message:\"ready\",secret:t},\"*\")},!1)))}(window,document);\n<\/script>\n","description":"Un alumno se gradu\u00f3 en la calle luego de a\u00f1os de menoscabo por parte de sus compa\u00f1eros y el silencio de las autoridades educativas. Ni siquiera era homosexual. Otro fue expulsado por una acusaci\u00f3n que nunca tuvo sustento. El s\u00ed es gay. Este a\u00f1o la discriminaci\u00f3n contin\u00faa con reglamentos homof\u00f3bicos y lesbif\u00f3bicos. El Gobierno trabaja en un instructivo en contra de estas pr\u00e1cticas y en la puerta del horno est\u00e1 un proyecto de ley contra la discriminaci\u00f3n"}