{"version":"1.0","provider_name":"CLAM - ES","provider_url":"https:\/\/clam.org.br\/es","author_name":"fw2","author_url":"https:\/\/clam.org.br\/es\/author\/fw2\/","title":"Presi\u00f3n al Debate - CLAM - ES","type":"rich","width":600,"height":338,"html":"<blockquote class=\"wp-embedded-content\" data-secret=\"JEi6gOVLcV\"><a href=\"https:\/\/clam.org.br\/es\/en-los-medios\/presion-al-debate\/3269\/\">Presi\u00f3n al Debate<\/a><\/blockquote><iframe sandbox=\"allow-scripts\" security=\"restricted\" src=\"https:\/\/clam.org.br\/es\/en-los-medios\/presion-al-debate\/3269\/embed\/#?secret=JEi6gOVLcV\" width=\"600\" height=\"338\" title=\"\u00abPresi\u00f3n al Debate\u00bb \u2014 CLAM - ES\" data-secret=\"JEi6gOVLcV\" frameborder=\"0\" marginwidth=\"0\" marginheight=\"0\" scrolling=\"no\" class=\"wp-embedded-content\"><\/iframe><script>\n\/*! This file is auto-generated *\/\n!function(d,l){\"use strict\";l.querySelector&&d.addEventListener&&\"undefined\"!=typeof URL&&(d.wp=d.wp||{},d.wp.receiveEmbedMessage||(d.wp.receiveEmbedMessage=function(e){var t=e.data;if((t||t.secret||t.message||t.value)&&!\/[^a-zA-Z0-9]\/.test(t.secret)){for(var s,r,n,a=l.querySelectorAll('iframe[data-secret=\"'+t.secret+'\"]'),o=l.querySelectorAll('blockquote[data-secret=\"'+t.secret+'\"]'),c=new RegExp(\"^https?:$\",\"i\"),i=0;i<o.length;i++)o[i].style.display=\"none\";for(i=0;i<a.length;i++)s=a[i],e.source===s.contentWindow&&(s.removeAttribute(\"style\"),\"height\"===t.message?(1e3<(r=parseInt(t.value,10))?r=1e3:~~r<200&&(r=200),s.height=r):\"link\"===t.message&&(r=new URL(s.getAttribute(\"src\")),n=new URL(t.value),c.test(n.protocol))&&n.host===r.host&&l.activeElement===s&&(d.top.location.href=t.value))}},d.addEventListener(\"message\",d.wp.receiveEmbedMessage,!1),l.addEventListener(\"DOMContentLoaded\",function(){for(var e,t,s=l.querySelectorAll(\"iframe.wp-embedded-content\"),r=0;r<s.length;r++)(t=(e=s[r]).getAttribute(\"data-secret\"))||(t=Math.random().toString(36).substring(2,12),e.src+=\"#?secret=\"+t,e.setAttribute(\"data-secret\",t)),e.contentWindow.postMessage({message:\"ready\",secret:t},\"*\")},!1)))}(window,document);\n<\/script>\n","description":"Las organizaciones LGBT de Colombia y el mundo siguen d\u00eda a d\u00eda el proceso del proyecto de ley que les reconocer\u00e1 sus derechos patrimoniales y de Seguridad Social y que se encuentra esperando su \u00faltimo debate en la C\u00e1mara de Representantes. Este fin de semana, las organizaciones LGBT recogieron cerca de mil firmas de personas que est\u00e1n de acuerdo en presionar la discusi\u00f3n del proyecto de ley 152 de la C\u00e1mara de Representantes y que pr\u00f3ximo a ser archivado si no realiza su \u00faltimo debate antes del 20 de junio."}