{"version":"1.0","provider_name":"CLAM - ES","provider_url":"https:\/\/clam.org.br\/es","author_name":"clam","author_url":"https:\/\/clam.org.br\/es\/author\/clam\/","title":"Rebeca Nogueira Matias - CLAM - ES","type":"rich","width":600,"height":338,"html":"<blockquote class=\"wp-embedded-content\" data-secret=\"njOShlvNZW\"><a href=\"https:\/\/clam.org.br\/es\/equipo\/stefani-silva-2\/26101\/\">Rebeca Nogueira Matias<\/a><\/blockquote><iframe sandbox=\"allow-scripts\" security=\"restricted\" src=\"https:\/\/clam.org.br\/es\/equipo\/stefani-silva-2\/26101\/embed\/#?secret=njOShlvNZW\" width=\"600\" height=\"338\" title=\"\u00abRebeca Nogueira Matias\u00bb \u2014 CLAM - ES\" data-secret=\"njOShlvNZW\" frameborder=\"0\" marginwidth=\"0\" marginheight=\"0\" scrolling=\"no\" class=\"wp-embedded-content\"><\/iframe><script>\n\/*! This file is auto-generated *\/\n!function(d,l){\"use strict\";l.querySelector&&d.addEventListener&&\"undefined\"!=typeof URL&&(d.wp=d.wp||{},d.wp.receiveEmbedMessage||(d.wp.receiveEmbedMessage=function(e){var t=e.data;if((t||t.secret||t.message||t.value)&&!\/[^a-zA-Z0-9]\/.test(t.secret)){for(var s,r,n,a=l.querySelectorAll('iframe[data-secret=\"'+t.secret+'\"]'),o=l.querySelectorAll('blockquote[data-secret=\"'+t.secret+'\"]'),c=new RegExp(\"^https?:$\",\"i\"),i=0;i<o.length;i++)o[i].style.display=\"none\";for(i=0;i<a.length;i++)s=a[i],e.source===s.contentWindow&&(s.removeAttribute(\"style\"),\"height\"===t.message?(1e3<(r=parseInt(t.value,10))?r=1e3:~~r<200&&(r=200),s.height=r):\"link\"===t.message&&(r=new URL(s.getAttribute(\"src\")),n=new URL(t.value),c.test(n.protocol))&&n.host===r.host&&l.activeElement===s&&(d.top.location.href=t.value))}},d.addEventListener(\"message\",d.wp.receiveEmbedMessage,!1),l.addEventListener(\"DOMContentLoaded\",function(){for(var e,t,s=l.querySelectorAll(\"iframe.wp-embedded-content\"),r=0;r<s.length;r++)(t=(e=s[r]).getAttribute(\"data-secret\"))||(t=Math.random().toString(36).substring(2,12),e.src+=\"#?secret=\"+t,e.setAttribute(\"data-secret\",t)),e.contentWindow.postMessage({message:\"ready\",secret:t},\"*\")},!1)))}(window,document);\n<\/script>\n","description":"rEbeca nogueira matias Rebeca es estudiante de pregrado de Ciencias Sociales en la Universidad del Estado de R\u00edo de Janeiro. Fue becaria de extensi\u00f3n en la investigaci\u00f3n Desigualdades Raciales en la Primera Infancia: Acceso a Guarder\u00edas en R\u00edo de Janeiro. Participa en la construcci\u00f3n de oCiclo, un proyecto c\u00edclico de ocupaci\u00f3n cultural y aprendizaje comunitario en la Zona Oeste, y del NEDRI (N\u00facleo de Estudios en Desigualdades, Raza e Interseccionalidad &#8211; UERJ). Actualmente, es becaria &hellip;  Leer m\u00e1s &raquo;","thumbnail_url":"https:\/\/clam.org.br\/es\/wp-content\/uploads\/sites\/3\/2023\/03\/IMG_6452_11zon-scaled.jpg","thumbnail_width":1920,"thumbnail_height":2560}